{"id":799,"date":"2021-05-02T13:55:09","date_gmt":"2021-05-02T11:55:09","guid":{"rendered":"http:\/\/ldrh.fr\/?page_id=799"},"modified":"2024-04-26T12:06:59","modified_gmt":"2024-04-26T10:06:59","slug":"aide-au-recrutement-le-dispositif-a-r-d-a-n","status":"publish","type":"page","link":"https:\/\/ldrh.fr\/index.php\/aide-au-recrutement-le-dispositif-a-r-d-a-n\/","title":{"rendered":"Aide au Recrutement : le Pilotage A.R.D.A.N."},"content":{"rendered":"\n<h2 class=\"wp-block-heading\"><strong>ARDAN<\/strong> <\/h2>\n\n\n\n<h2 class=\"wp-block-heading\"><span style=\"color:#af6c57\" class=\"has-inline-color\">Action R\u00e9gionale pour le D\u00e9veloppement d&rsquo;Activit\u00e9s Nouvelles<\/span><\/h2>\n\n\n\n<p class=\"has-text-align-center wp-block-paragraph\"><img loading=\"lazy\" decoding=\"async\" width=\"150\" height=\"117\" class=\"wp-image-826\" style=\"width: 150px;\" src=\"https:\/\/ldrh.fr\/wp-content\/uploads\/2021\/05\/logo-hauts-de-france.png\" alt=\"\" srcset=\"https:\/\/ldrh.fr\/wp-content\/uploads\/2021\/05\/logo-hauts-de-france.png 600w, https:\/\/ldrh.fr\/wp-content\/uploads\/2021\/05\/logo-hauts-de-france-300x234.png 300w\" sizes=\"auto, (max-width: 150px) 100vw, 150px\" \/><\/p>\n\n\n<div class=\"wp-block-image\">\n<figure class=\"aligncenter size-full\"><img loading=\"lazy\" decoding=\"async\" width=\"300\" height=\"62\" src=\"https:\/\/ldrh.fr\/wp-content\/uploads\/2024\/04\/image.png\" alt=\"\" class=\"wp-image-1119\"\/><\/figure>\n<\/div>\n\n\n<blockquote class=\"wp-block-quote has-text-align-center is-style-large is-layout-flow wp-block-quote-is-layout-flow\">\n<p class=\"wp-block-paragraph\"><span style=\"color:#ac6c57\" class=\"has-inline-color\"><em>Nouvelle activit\u00e9, Nouvel \u00e9quipier, Nouveau cap ?<\/em><\/span><\/p>\n<\/blockquote>\n\n\n\n<ul class=\"wp-block-list\">\n<li>Une aide au d\u00e9veloppement \u00e9conomique \u00e0 destination des entreprises TPE \/ PME \/ PMI<\/li>\n\n\n\n<li>Une aide au retour \u00e0 l&#8217;emploi d&rsquo;un demandeur d&#8217;emploi Cadre ou assimil\u00e9, gr\u00e2ce \u00e0 une formation-action pour cadres en transition professionnelle, financ\u00e9e par le CNAM.<\/li>\n<\/ul>\n\n\n\n<h1 class=\"wp-block-heading\"><span style=\"color:#ac6c57\" class=\"has-inline-color\"><strong>Vous \u00eates chef d&rsquo;entreprise<\/strong><\/span><\/h1>\n\n\n\n<h2 class=\"wp-block-heading\">Cap sur vos projets de d\u00e9veloppement !<\/h2>\n\n\n\n<p class=\"wp-block-paragraph\">Int\u00e9grez le pilote qui mettra en oeuvre votre projet dans des conditions financi\u00e8res attractives, en disposant d&rsquo;un accompagnement strat\u00e9gique.<\/p>\n\n\n\n<div class=\"wp-block-group\"><div class=\"wp-block-group__inner-container is-layout-flow wp-block-group-is-layout-flow\">\n<h4 class=\"wp-block-heading\">Vous souhaitez :<\/h4>\n\n\n\n<ul style=\"background-color:#ddddd2\" class=\"has-background has-medium-font-size wp-block-list\">\n<li><strong>DEVELOPPER une nouvelle activit\u00e9 : nouveau march\u00e9, innovation R&amp;D, export, qualit\u00e9&#8230;<\/strong><\/li>\n\n\n\n<li><strong>STRUCTURER une nouvelle fonction : direction commerciale, industrielle, fonction RH, responsable d&rsquo;exploitation<\/strong>&#8230;<\/li>\n\n\n\n<li><strong>organiser un projet de TRANSMISSION \/ REPRISE de votre entreprise<\/strong><\/li>\n<\/ul>\n<\/div><\/div>\n\n\n\n<h4 class=\"wp-block-heading\">Conditions d&rsquo;\u00e9ligibilit\u00e9 :<\/h4>\n\n\n\n<ul class=\"wp-block-list\">\n<li>si\u00e8ge social ou \u00e9tablissement dans les Hauts-de-France<\/li>\n\n\n\n<li>plus d&rsquo;un an d&rsquo;activit\u00e9 (1 bilan fiscal)<\/li>\n\n\n\n<li>PME au sens de la d\u00e9finition communautaire<\/li>\n\n\n\n<li>moins de 250 salari\u00e9s (p\u00e9rim\u00e8tre groupe)<\/li>\n\n\n\n<li>\u00e0 jour de vos cotisations sociales et fiscales<\/li>\n\n\n\n<li>situation \u00e9conomique et financi\u00e8re saine<\/li>\n\n\n\n<li>entreprise priv\u00e9e ou association ayant une activit\u00e9 \u00e9conomique dont les ressources publiques sont inf\u00e9rieures \u00e0 30%<\/li>\n<\/ul>\n\n\n\n<h2 class=\"wp-block-heading\">ARDAN en pratique<\/h2>\n\n\n\n<div class=\"wp-block-group\"><div class=\"wp-block-group__inner-container is-layout-flow wp-block-group-is-layout-flow\">\n<div class=\"wp-block-columns is-layout-flex wp-container-core-columns-is-layout-8f761849 wp-block-columns-is-layout-flex\">\n<div class=\"wp-block-column is-layout-flow wp-block-column-is-layout-flow\">\n<ol class=\"wp-block-list\">\n<li><strong>Cr\u00e9ez votre compte en ligne sur <a href=\"https:\/\/ardan.hautsdefrance.cci.fr\/\" data-type=\"URL\" data-id=\"https:\/\/ardan.hautsdefrance.cci.fr\/\">ardan.hauts-de-france.cci.fr<\/a><\/strong><\/li>\n\n\n\n<li><strong>Choisissez votre Expert-Projet dans la liste<\/strong> : LDRH Conseil &#8211; Laurence Derache<\/li>\n\n\n\n<li><strong>Saisissez votre demande avec l&rsquo;aide de l&rsquo;Expert-Projet<\/strong><\/li>\n\n\n\n<li><strong>Soumettez votre demande par l&rsquo;interm\u00e9diaire de l&rsquo;Expert-Projet<\/strong><\/li>\n\n\n\n<li><strong>Votre dossier est pr\u00e9sent\u00e9 au Comit\u00e9 d&rsquo;engagement (financeurs)<\/strong><\/li>\n\n\n\n<li>Votre Pilote de Projet est d\u00e9j\u00e0 identifi\u00e9 ?<\/li>\n\n\n\n<li><strong>Votre demande est valid\u00e9e, la mission ARDAN peut d\u00e9marrer<\/strong><\/li>\n\n\n\n<li>Votre Pilote de Projet est d\u00e9j\u00e0 identifi\u00e9, il prend en charge sa mission<\/li>\n\n\n\n<li>Votre Pilote de Projet doit \u00eatre recrut\u00e9 ? <strong>Vous avez 6 mois pour l&rsquo;int\u00e9grer<\/strong><\/li>\n<\/ol>\n<\/div>\n<\/div>\n<\/div><\/div>\n\n\n\n<h2 class=\"wp-block-heading\">ARDAN le financement<\/h2>\n\n\n\n<ul class=\"wp-block-list\" id=\"block-2f829f58-9cc5-4c8d-b7b9-2ce9dcac88a0\">\n<li>Fixez la r\u00e9mun\u00e9ration brute annuelle de votre Pilote de Projet, ramen\u00e9e au mois<\/li>\n\n\n\n<li>Vous \u00eates factur\u00e9 \u00e0 hauteur de 50 % du brut mensuel fix\u00e9<\/li>\n\n\n\n<li>Le Pilote de Projet est indemnis\u00e9 par P\u00f4le Emploi \u00e0 hauteur de 70 % du brut mensuel fix\u00e9<\/li>\n<\/ul>\n\n\n\n<figure class=\"wp-block-embed is-type-video is-provider-youtube wp-block-embed-youtube wp-embed-aspect-16-9 wp-has-aspect-ratio\"><div class=\"wp-block-embed__wrapper\">\n<iframe loading=\"lazy\" title=\"Le dispositif Ardan\" width=\"525\" height=\"295\" src=\"https:\/\/www.youtube.com\/embed\/6Sy-scPf5EM?feature=oembed\" frameborder=\"0\" allow=\"accelerometer; autoplay; clipboard-write; encrypted-media; gyroscope; picture-in-picture; web-share\" referrerpolicy=\"strict-origin-when-cross-origin\" allowfullscreen><\/iframe>\n<\/div><\/figure>\n\n\n\n<h1 class=\"wp-block-heading\"><span style=\"color:#af6c57\" class=\"has-inline-color\"><strong>Vous \u00eates demandeur d&#8217;emploi<\/strong><\/span><\/h1>\n\n\n\n<h2 class=\"wp-block-heading\">Cap sur l&#8217;emploi !<\/h2>\n\n\n\n<p class=\"wp-block-paragraph\">Vous \u00eates&#8230;<\/p>\n\n\n\n<ul class=\"wp-block-list\">\n<li>en recherche active d&rsquo;un emploi<\/li>\n\n\n\n<li>int\u00e9ress\u00e9 par la conduite d&rsquo;un projet en entreprise<\/li>\n\n\n\n<li>indemnis\u00e9 par P\u00f4le Emploi avec au moins 6 mois de droits \u00e0 l&rsquo;entr\u00e9e en mission ARDAN<\/li>\n\n\n\n<li>vous n&rsquo;\u00eates pas salari\u00e9 de l&rsquo;entreprise avant le d\u00e9marrage du projet<\/li>\n<\/ul>\n\n\n\n<h4 class=\"wp-block-heading\">Avantage #1 REMUNERATION<br><\/h4>\n\n\n\n<ul class=\"wp-block-list\">\n<li>70 % du brut mensuel propos\u00e9<\/li>\n\n\n\n<li>constitu\u00e9 de votre indemnisation P\u00f4le Emploi<\/li>\n\n\n\n<li>sans perte de revenu : ARDAN peut compl\u00e9ter \u00e0 hauteur de 800 \u20ac maximum par mois<\/li>\n<\/ul>\n\n\n\n<h4 class=\"wp-block-heading\">Avantage #2 FORMATION<\/h4>\n\n\n\n<ul class=\"wp-block-list\">\n<li>formation-action au Management de projet<\/li>\n\n\n\n<li>validation d&rsquo;un Titre Professionnel : Entrepreneur de Petite Entreprise (niveau bac+2) inscrit au RNCP<\/li>\n\n\n\n<li>initi\u00e9e par le CNAM et ses intervenants professionnels<\/li>\n\n\n\n<li>+ ch\u00e9quier-formation individualis\u00e9 de 1700 \u20ac TTC<\/li>\n<\/ul>\n\n\n\n<p class=\"wp-block-paragraph\"><\/p>\n\n\n\n<figure class=\"wp-block-pullquote has-border-color\" style=\"border-color:#af6c57\"><blockquote><p><img loading=\"lazy\" decoding=\"async\" width=\"150\" height=\"68\" class=\"wp-image-216\" style=\"width: 150px;\" src=\"https:\/\/ldrh.fr\/wp-content\/uploads\/2017\/12\/cropped-LOGO-new-1-2.png\" alt=\"\" srcset=\"https:\/\/ldrh.fr\/wp-content\/uploads\/2017\/12\/cropped-LOGO-new-1-2.png 360w, https:\/\/ldrh.fr\/wp-content\/uploads\/2017\/12\/cropped-LOGO-new-1-2-300x136.png 300w\" sizes=\"auto, (max-width: 150px) 100vw, 150px\" \/><\/p><cite>Expert-Projet ARDAN depuis 2010<br>Habilitation renouvel\u00e9e en 2021<\/cite><\/blockquote><\/figure>\n\n\n\n<figure class=\"wp-block-image is-resized is-style-rounded\"><img decoding=\"async\" src=\"https:\/\/ardan.hautsdefrance.cci.fr\/extension\/yosemite_custom\/design\/www\/images\/logo_ardan.png\" alt=\"Ardan - CCI Hauts de France\" style=\"width:228px\"\/><\/figure>\n\n\n\n<p class=\"wp-block-paragraph\">Depuis 30 ans, ARDAN a aid\u00e9 pr\u00e8s de 12 000TPE-PME \u00e0 r\u00e9veiller un projet dormant. Ainsi, 12 000 personnes sont devenues des \u00abintrapreneurs\u00bb en d\u00e9veloppant ces projets. <\/p>\n\n\n\n<p class=\"wp-block-paragraph\">ARDAN est un dispositif innovant et efficace pour l&rsquo;\u00e9conomie, l&#8217;emploi et la formation, gr\u00e2ce aux pouvoirs publics, aux entreprises et aux partenaires de l\u2019emploi et du d\u00e9veloppement \u00e9conomique (notamment les \u00e9tablissements consulaires et les Centres r\u00e9gionaux du CNAM).<\/p>\n","protected":false},"excerpt":{"rendered":"<p>ARDAN Action R\u00e9gionale pour le D\u00e9veloppement d&rsquo;Activit\u00e9s Nouvelles Nouvelle activit\u00e9, Nouvel \u00e9quipier, Nouveau cap ? Vous \u00eates chef d&rsquo;entreprise Cap sur vos projets de d\u00e9veloppement ! Int\u00e9grez le pilote qui mettra en oeuvre votre projet dans des conditions financi\u00e8res attractives, en disposant d&rsquo;un accompagnement strat\u00e9gique. Vous souhaitez : Conditions d&rsquo;\u00e9ligibilit\u00e9 : ARDAN en pratique ARDAN &hellip; <\/p>\n<p class=\"link-more\"><a href=\"https:\/\/ldrh.fr\/index.php\/aide-au-recrutement-le-dispositif-a-r-d-a-n\/\" class=\"more-link\">Continuer la lecture<span class=\"screen-reader-text\"> de &laquo;&nbsp;Aide au Recrutement : le Pilotage A.R.D.A.N.&nbsp;&raquo;<\/span><\/a><\/p>\n","protected":false},"author":1,"featured_media":0,"parent":0,"menu_order":0,"comment_status":"closed","ping_status":"closed","template":"","meta":{"_crdt_document":"","footnotes":""},"class_list":["post-799","page","type-page","status-publish","hentry"],"_links":{"self":[{"href":"https:\/\/ldrh.fr\/index.php\/wp-json\/wp\/v2\/pages\/799","targetHints":{"allow":["GET"]}}],"collection":[{"href":"https:\/\/ldrh.fr\/index.php\/wp-json\/wp\/v2\/pages"}],"about":[{"href":"https:\/\/ldrh.fr\/index.php\/wp-json\/wp\/v2\/types\/page"}],"author":[{"embeddable":true,"href":"https:\/\/ldrh.fr\/index.php\/wp-json\/wp\/v2\/users\/1"}],"replies":[{"embeddable":true,"href":"https:\/\/ldrh.fr\/index.php\/wp-json\/wp\/v2\/comments?post=799"}],"version-history":[{"count":18,"href":"https:\/\/ldrh.fr\/index.php\/wp-json\/wp\/v2\/pages\/799\/revisions"}],"predecessor-version":[{"id":1120,"href":"https:\/\/ldrh.fr\/index.php\/wp-json\/wp\/v2\/pages\/799\/revisions\/1120"}],"wp:attachment":[{"href":"https:\/\/ldrh.fr\/index.php\/wp-json\/wp\/v2\/media?parent=799"}],"curies":[{"name":"wp","href":"https:\/\/api.w.org\/{rel}","templated":true}]}}